{"id":242358,"date":"2022-02-17T16:08:56","date_gmt":"2022-02-17T16:08:56","guid":{"rendered":"https:\/\/hotel-delfin.com.hr\/posjetite-zadar\/"},"modified":"2022-03-02T09:21:32","modified_gmt":"2022-03-02T09:21:32","slug":"posjetite-zadar","status":"publish","type":"page","link":"https:\/\/hotel-delfin.com.hr\/hr\/posjetite-zadar\/","title":{"rendered":"Posjetite Zadar"},"content":{"rendered":"<p>[et_pb_section fb_built=&#8221;1&#8243; custom_padding_last_edited=&#8221;on|phone&#8221; _builder_version=&#8221;4.14.1&#8243; background_color=&#8221;#333333&#8243; background_image=&#8221;https:\/\/hotel-delfin.com.hr\/wp-content\/uploads\/2021\/12\/About-Zadar-6.jpg&#8221; custom_margin=&#8221;0px||0px||true|false&#8221; custom_padding=&#8221;80px|0px|80px|0px|true|true&#8221; custom_padding_tablet=&#8221;60px||60px||true|true&#8221; custom_padding_phone=&#8221;40px||40px||true|true&#8221; global_colors_info=&#8221;{}&#8221;][et_pb_row _builder_version=&#8221;4.0.7&#8243; custom_margin=&#8221;0px||0px||true|false&#8221; custom_padding=&#8221;0px|0px|0px|0px|true|true&#8221; global_colors_info=&#8221;{}&#8221;][et_pb_column type=&#8221;4_4&#8243; _builder_version=&#8221;4.0.7&#8243; global_colors_info=&#8221;{}&#8221;][et_pb_text admin_label=&#8221;Heading&#8221; _builder_version=&#8221;4.14.7&#8243; header_2_font=&#8221;Poppins||||||||&#8221; header_2_text_align=&#8221;center&#8221; header_2_text_color=&#8221;#ffffff&#8221; header_2_font_size=&#8221;50px&#8221; header_2_letter_spacing=&#8221;1px&#8221; header_2_line_height=&#8221;60px&#8221; custom_margin=&#8221;0px||0px||true|false&#8221; custom_padding=&#8221;0px|0px|30px|0px|false|true&#8221; custom_padding_tablet=&#8221;||20px||false|true&#8221; custom_padding_phone=&#8221;||15px||false|true&#8221; custom_padding_last_edited=&#8221;on|phone&#8221; hover_enabled=&#8221;0&#8243; global_colors_info=&#8221;{}&#8221; header_font=&#8221;Poppins||||||||&#8221; header_text_color=&#8221;#FFFFFF&#8221; header_font_size=&#8221;50px&#8221; header_text_align=&#8221;center&#8221; sticky_enabled=&#8221;0&#8243;]<\/p>\n<h1><b>Posjetite Zadar<\/b><\/h1>\n<p>[\/et_pb_text][et_pb_text admin_label=&#8221;Breadcrumbs&#8221; _builder_version=&#8221;4.14.1&#8243; text_orientation=&#8221;center&#8221; custom_margin=&#8221;0px||0px||true|false&#8221; custom_padding=&#8221;0px|0px|0px|0px|true|true&#8221; global_colors_info=&#8221;{}&#8221;]<\/p>\n<div id=\"crumbs\"><a href=\"https:\/\/hotel-delfin.com.hr\/hr\/\">Home<\/a> &nbsp; &raquo; &nbsp; <span class=\"current\">Stranica<\/span><\/div>\n<p>[\/et_pb_text][\/et_pb_column][\/et_pb_row][\/et_pb_section][et_pb_section fb_built=&#8221;1&#8243; custom_padding_last_edited=&#8221;on|phone&#8221; _builder_version=&#8221;4.0.7&#8243; background_color=&#8221;#ffffff&#8221; custom_margin=&#8221;0px||0px||true|false&#8221; custom_padding=&#8221;80px|0px|80px|0px|true|true&#8221; custom_padding_tablet=&#8221;60px||60px||true|true&#8221; custom_padding_phone=&#8221;40px||40px||true|true&#8221; global_colors_info=&#8221;{}&#8221;][et_pb_row custom_padding_last_edited=&#8221;on|phone&#8221; _builder_version=&#8221;4.0.7&#8243; custom_margin=&#8221;0px||0px||false|false&#8221; custom_padding=&#8221;0px|0px|50px|0px|false|true&#8221; custom_padding_tablet=&#8221;||40px||false|true&#8221; custom_padding_phone=&#8221;||30px||false|true&#8221; global_colors_info=&#8221;{}&#8221;][et_pb_column type=&#8221;4_4&#8243; _builder_version=&#8221;4.0.7&#8243; global_colors_info=&#8221;{}&#8221;][et_pb_image src=&#8221;https:\/\/hotel-delfin.com.hr\/wp-content\/uploads\/2021\/11\/100x14x1.png&#8221; title_text=&#8221;100x14x1&#8243; align=&#8221;center&#8221; admin_label=&#8221;Section Heading Under Line&#8221; _builder_version=&#8221;4.9.2&#8243; custom_margin=&#8221;0px||15px||false|false&#8221; custom_padding=&#8221;0px|0px|0px|0px|true|true&#8221; global_colors_info=&#8221;{}&#8221;][\/et_pb_image][et_pb_text admin_label=&#8221;Section Intro Content&#8221; _builder_version=&#8221;4.14.1&#8243; text_font=&#8221;||||||||&#8221; text_text_color=&#8221;#666666&#8243; text_font_size=&#8221;15px&#8221; text_line_height=&#8221;28px&#8221; text_orientation=&#8221;center&#8221; width=&#8221;100%&#8221; width_tablet=&#8221;100%&#8221; width_phone=&#8221;&#8221; width_last_edited=&#8221;on|phone&#8221; module_alignment=&#8221;center&#8221; custom_margin=&#8221;0px||0px||true|false&#8221; custom_padding=&#8221;0px|0px|0px|0px|true|true&#8221; text_font_size_tablet=&#8221;16px&#8221; text_font_size_phone=&#8221;15px&#8221; text_font_size_last_edited=&#8221;on|phone&#8221; text_line_height_tablet=&#8221;26px&#8221; text_line_height_phone=&#8221;25px&#8221; text_line_height_last_edited=&#8221;on|tablet&#8221; global_colors_info=&#8221;{}&#8221;]<\/p>\n<p style=\"text-align: justify;\"><span style=\"font-weight: 400;\">Smje\u0161ten u srcu Jadrana, Zadar je urbano sredi\u0161te sjeverne Dalmacije kao administrativno, gospodarsko, kulturno i politi\u010dko sredi\u0161te regije sa 75.000 stanovnika. Obala je posebno razvedena, otoci i netaknuta priroda mame brojne nauti\u010dare u ove krajeve. Oto\u010dje broji 24 ve\u0107a i oko 300 manjih oto\u010di\u0107a i hridi, 3 parka prirode \u2013 Tela\u0161\u0107ica, Sjeverni Velebit i Vransko jezero, te 5 nacionalnih parkova \u2013 Paklenica, Plitvi\u010dka jezera, Kornati, Krka i Velebit koji Zadar i okolicu svrstavaju u u samom vrhu hrvatske turisti\u010dke ponude. <\/span><\/p>\n<p>[\/et_pb_text][\/et_pb_column][\/et_pb_row][et_pb_row column_structure=&#8221;1_2,1_2&#8243; use_custom_gutter=&#8221;on&#8221; gutter_width=&#8221;1&#8243; _builder_version=&#8221;4.0.7&#8243; custom_margin=&#8221;0px||0px||true|false&#8221; custom_padding=&#8221;0px|0px|0px|0px|true|true&#8221; global_colors_info=&#8221;{}&#8221;][et_pb_column type=&#8221;1_2&#8243; module_class=&#8221;restaurant-page-col&#8221; _builder_version=&#8221;4.0.7&#8243; global_colors_info=&#8221;{}&#8221;][et_pb_image src=&#8221;https:\/\/hotel-delfin.com.hr\/wp-content\/uploads\/2021\/12\/About-Zadar-2.jpg&#8221; alt=&#8221;Zadarska povijest i bogata kultura&#8221; title_text=&#8221;Zadarska povijest i bogata kultura&#8221; force_fullwidth=&#8221;on&#8221; _builder_version=&#8221;4.14.1&#8243; custom_margin=&#8221;103px|||||&#8221; global_colors_info=&#8221;{}&#8221;][\/et_pb_image][\/et_pb_column][et_pb_column type=&#8221;1_2&#8243; module_class=&#8221;restaurean-2 restaurant-page-col&#8221; _builder_version=&#8221;4.0.7&#8243; custom_padding=&#8221;30px|30px|30px|30px|true|true&#8221; custom_padding_tablet=&#8221;20px|||0px|false|false&#8221; custom_padding_phone=&#8221;&#8221; custom_padding_last_edited=&#8221;on|tablet&#8221; global_colors_info=&#8221;{}&#8221;][et_pb_text _builder_version=&#8221;4.14.1&#8243; header_2_font=&#8221;Poppins||||||||&#8221; header_2_font_size=&#8221;35px&#8221; header_4_font=&#8221;Poppins||||||||&#8221; header_4_text_color=&#8221;#333333&#8243; header_4_font_size=&#8221;35px&#8221; header_4_letter_spacing=&#8221;1px&#8221; header_4_line_height=&#8221;45px&#8221; custom_margin=&#8221;0px||15px||false|false&#8221; custom_padding=&#8221;0px|0px|0px|0px|true|true&#8221; global_colors_info=&#8221;{}&#8221;]<\/p>\n<h2><span style=\"font-weight: 400;\">Zadarska povijest i bogata kultura <\/span><\/h2>\n<p>[\/et_pb_text][et_pb_text module_class=&#8221;content&#8221; _builder_version=&#8221;4.14.1&#8243; text_font_size=&#8221;15px&#8221; custom_margin=&#8221;0px||15px||false|false&#8221; custom_padding=&#8221;0px|0px|0px|0px|true|true&#8221; global_colors_info=&#8221;{}&#8221;]<\/p>\n<p><span style=\"font-weight: 400;\">Posebnost grada neodoljiva je za one koji po\u0161tuju i dive se povijesnim spomenicima i kulturnoj ba\u0161tini, umjetnike, turiste i njegove gra\u0111ane. Zadar je gradski spomenik, okru\u017een povijesnim bedemima, riznica arheolo\u0161kog i spomeni\u010dkog bogatstva anti\u010dkog i srednjovjekovnog doba, renesanse, te brojnih suvremenih arhitektonskih ostvarenja poput prvih morskih orgulja na svijetu.<\/span><\/p>\n<p><span style=\"font-weight: 400;\">Zadar je grad u kojem je ostavljeno ogromno prostora za pje\u0161ake. Koriste\u0107i va\u0161 vodi\u010d, va\u0161a \u0107e \u0161etnja kaldrmom grada postati \u0161etnja kroz povijest, ali i do\u017eivljaj suvremenog \u017eivota grada. Kada ste umorni, poku\u0161ajte predahnuti u nekom od na\u0161ih restorana, slasti\u010darnica ili kafi\u0107a koje mo\u017eete prona\u0107i u gastro ponudi ovog vodi\u010da. <\/span><\/p>\n<p>[\/et_pb_text][\/et_pb_column][\/et_pb_row][et_pb_row column_structure=&#8221;1_2,1_2&#8243; use_custom_gutter=&#8221;on&#8221; gutter_width=&#8221;1&#8243; _builder_version=&#8221;4.0.7&#8243; custom_margin=&#8221;0px||0px||true|false&#8221; custom_padding=&#8221;0px|0px|0px|0px|true|true&#8221; global_colors_info=&#8221;{}&#8221;][et_pb_column type=&#8221;1_2&#8243; module_class=&#8221;restaurean-2&#8243; _builder_version=&#8221;4.0.7&#8243; custom_padding=&#8221;30px|30px|30px|30px|true|true&#8221; custom_padding_tablet=&#8221;30px||20px|0px|false|false&#8221; custom_padding_phone=&#8221;&#8221; custom_padding_last_edited=&#8221;on|tablet&#8221; global_colors_info=&#8221;{}&#8221;][et_pb_text _builder_version=&#8221;4.14.1&#8243; header_2_font=&#8221;Poppins||||||||&#8221; header_2_font_size=&#8221;35px&#8221; header_4_font=&#8221;Poppins||||||||&#8221; header_4_text_color=&#8221;#333333&#8243; header_4_font_size=&#8221;35px&#8221; header_4_letter_spacing=&#8221;1px&#8221; header_4_line_height=&#8221;45px&#8221; custom_margin=&#8221;0px||15px||false|false&#8221; custom_padding=&#8221;0px|0px|0px|0px|true|true&#8221; global_colors_info=&#8221;{}&#8221;]<\/p>\n<h2><span style=\"font-weight: 400;\">Kako do\u0107i do Zadra?<\/span><\/h2>\n<p>[\/et_pb_text][et_pb_text module_class=&#8221;content&#8221; _builder_version=&#8221;4.14.1&#8243; text_font_size=&#8221;15px&#8221; custom_margin=&#8221;0px||15px||false|false&#8221; custom_padding=&#8221;0px|0px|0px|0px|true|true&#8221; global_colors_info=&#8221;{}&#8221;]<\/p>\n<p><span style=\"font-weight: 400;\">Grad Zadar je lako dostupna destinacija kopnom, morem i zrakom. Posjeduje dobru prometnu infrastrukturu kojom je izravno povezan s drugim ve\u0107im gradovima Republike Hrvatske: Zagrebom, Rijekom, Splitom i Dubrovnikom, s izvanrednim smje\u0161tajem i suvremenom uslugom brojnih marina. Kojim god putem \u017eelite do\u0107i do Zadra, prirodne ljepote krajolika ne\u0107e vas ostaviti mirnim.<\/span><\/p>\n<p><span style=\"font-weight: 400;\">Trajektna luka, kao i nova turisti\u010dka luka za kruzere, nalaze se na samom poluotoku (stari dio grada), a ulazak u Zadar trajektom ili brodom pru\u017ea vam prekrasan pogled na cijeli grad, \u010dine\u0107i va\u0161 dolazak u Zadar jedinstven do\u017eivljaj (trajektne i brodske linije s Prekom, Zaglavom, Malim Lo\u0161injem, Pulom i Anconom\/Italija).<\/span><\/p>\n<p><span style=\"font-weight: 400;\">Zra\u010dni promet, iako je zra\u010dna luka mala, suvremena je (9 km udaljena od centra), te povezuje Zadar s ve\u0107im gradovima Republike Hrvatske i nekim europskim prijestolnicama. <\/span><\/p>\n<p>[\/et_pb_text][\/et_pb_column][et_pb_column type=&#8221;1_2&#8243; _builder_version=&#8221;4.0.7&#8243; global_colors_info=&#8221;{}&#8221;][et_pb_image src=&#8221;https:\/\/hotel-delfin.com.hr\/wp-content\/uploads\/2021\/12\/About-Zadar.jpg&#8221; alt=&#8221;O Zadru&#8221; title_text=&#8221;O Zadru&#8221; _builder_version=&#8221;4.14.1&#8243; global_colors_info=&#8221;{}&#8221;][\/et_pb_image][\/et_pb_column][\/et_pb_row][\/et_pb_section][et_pb_section fb_built=&#8221;1&#8243; custom_padding_last_edited=&#8221;on|phone&#8221; _builder_version=&#8221;4.0.7&#8243; background_color=&#8221;#f5f5f5&#8243; custom_margin=&#8221;0px||0px||true|false&#8221; custom_padding=&#8221;80px|0px|80px|0px|true|true&#8221; custom_padding_tablet=&#8221;60px||60px||true|true&#8221; custom_padding_phone=&#8221;40px||40px||true|true&#8221; global_colors_info=&#8221;{}&#8221;][et_pb_row custom_padding_last_edited=&#8221;on|phone&#8221; _builder_version=&#8221;4.0.7&#8243; custom_margin=&#8221;0px||0px||false|false&#8221; custom_padding=&#8221;0px|0px|50px|0px|false|true&#8221; custom_padding_tablet=&#8221;||40px||false|true&#8221; custom_padding_phone=&#8221;||30px||false|true&#8221; global_colors_info=&#8221;{}&#8221;][et_pb_column type=&#8221;4_4&#8243; _builder_version=&#8221;4.0.7&#8243; global_colors_info=&#8221;{}&#8221;][et_pb_image src=&#8221;https:\/\/hotel-delfin.com.hr\/wp-content\/uploads\/2021\/11\/100x14x1.png&#8221; title_text=&#8221;100x14x1&#8243; align=&#8221;center&#8221; admin_label=&#8221;Section Heading Under Line&#8221; _builder_version=&#8221;4.9.2&#8243; custom_margin=&#8221;0px||15px||false|false&#8221; custom_padding=&#8221;0px|0px|0px|0px|true|true&#8221; global_colors_info=&#8221;{}&#8221;][\/et_pb_image][et_pb_text admin_label=&#8221;Section Heading&#8221; _builder_version=&#8221;4.14.1&#8243; header_2_font=&#8221;Poppins||||||||&#8221; header_2_text_align=&#8221;center&#8221; header_2_text_color=&#8221;#333333&#8243; header_2_font_size=&#8221;50px&#8221; header_2_letter_spacing=&#8221;1px&#8221; header_2_line_height=&#8221;60px&#8221; custom_margin=&#8221;||15px||false|false&#8221; custom_margin_tablet=&#8221;||10px||false|false&#8221; custom_margin_phone=&#8221;&#8221; custom_margin_last_edited=&#8221;on|tablet&#8221; custom_padding=&#8221;0px||0px|0px|true|false&#8221; global_colors_info=&#8221;{}&#8221;]<\/p>\n<h2>Kontaktirajte nas<\/h2>\n<p>[\/et_pb_text][\/et_pb_column][\/et_pb_row][et_pb_row column_structure=&#8221;2_3,1_3&#8243; use_custom_gutter=&#8221;on&#8221; _builder_version=&#8221;4.0.7&#8243; custom_padding=&#8221;0px|0px|0px|0px|false|true&#8221; global_colors_info=&#8221;{}&#8221;][et_pb_column type=&#8221;2_3&#8243; module_class=&#8221;book-table-col-left book-table-mar-0&#8243; _builder_version=&#8221;4.0.7&#8243; global_colors_info=&#8221;{}&#8221;][et_pb_image src=&#8221;https:\/\/hotel-delfin.com.hr\/wp-content\/uploads\/2021\/12\/About-Zadar-4.jpg&#8221; alt=&#8221;Posjetite Zadar&#8221; title_text=&#8221;Posjetite Zadar&#8221; _builder_version=&#8221;4.14.1&#8243; global_colors_info=&#8221;{}&#8221;][\/et_pb_image][\/et_pb_column][et_pb_column type=&#8221;1_3&#8243; module_class=&#8221;book-table-col-right pbt-divi-last-col&#8221; _builder_version=&#8221;4.0.7&#8243; global_colors_info=&#8221;{}&#8221;][et_pb_contact_form captcha=&#8221;off&#8221; email=&#8221;hoteldelfinzadar@gmail.com&#8221; custom_message=&#8221;Kontakt sa Visit Zadar||et_pb_line_break_holder||||et_pb_line_break_holder||Name: %%name%%||et_pb_line_break_holder||Email: %%email%%||et_pb_line_break_holder||Phone: %%number%%||et_pb_line_break_holder||Message: %%message%%&#8221; submit_button_text=&#8221;Po\u0161aljite nam poruku&#8221; module_class=&#8221;book-a-table-form&#8221; _builder_version=&#8221;4.14.7&#8243; _unique_id=&#8221;1cc2b216-2c53-4b55-b28f-f16f5ac4b6e9&#8243; form_field_background_color=&#8221;#eeeeee&#8221; form_field_text_color=&#8221;#666666&#8243; form_field_custom_padding=&#8221;|20px||20px|false|true&#8221; form_field_font=&#8221;Open Sans||||||||&#8221; form_field_font_size=&#8221;15px&#8221; form_field_letter_spacing=&#8221;1px&#8221; form_field_line_height=&#8221;25px&#8221; custom_button=&#8221;on&#8221; button_text_size=&#8221;16px&#8221; button_text_color=&#8221;#ffffff&#8221; button_bg_color=&#8221;#ee7f38&#8243; button_border_width=&#8221;2px&#8221; button_border_color=&#8221;#ee7f38&#8243; button_border_radius=&#8221;5px&#8221; button_letter_spacing=&#8221;1px&#8221; button_font=&#8221;Open Sans||||||||&#8221; button_use_icon=&#8221;off&#8221; button_custom_margin=&#8221;30px||0px|0px|false|false&#8221; button_custom_padding=&#8221;12px|20px|12px|20px|true|true&#8221; custom_css_contact_fields=&#8221;||&#8221; custom_css_text_field=&#8221;min-height: 120px;&#8221; border_radii=&#8221;on|5px|5px|5px|5px&#8221; border_width_all=&#8221;1px&#8221; border_color_all=&#8221;#dcdcdc&#8221; global_colors_info=&#8221;{}&#8221; button_text_color__hover_enabled=&#8221;on|desktop&#8221; button_text_color__hover=&#8221;#333333&#8243; button_bg_color__hover_enabled=&#8221;on|hover&#8221; button_bg_color__hover=&#8221;rgba(238,127,56,0)&#8221; button_bg_enable_color__hover=&#8221;on&#8221;][et_pb_contact_field field_id=&#8221;name&#8221; field_title=&#8221;Ime&#8221; fullwidth_field=&#8221;on&#8221; _builder_version=&#8221;4.0.7&#8243; global_colors_info=&#8221;{}&#8221; button_text_size__hover_enabled=&#8221;off&#8221; button_one_text_size__hover_enabled=&#8221;off&#8221; button_two_text_size__hover_enabled=&#8221;off&#8221; button_text_color__hover_enabled=&#8221;off&#8221; button_one_text_color__hover_enabled=&#8221;off&#8221; button_two_text_color__hover_enabled=&#8221;off&#8221; button_border_width__hover_enabled=&#8221;off&#8221; button_one_border_width__hover_enabled=&#8221;off&#8221; button_two_border_width__hover_enabled=&#8221;off&#8221; button_border_color__hover_enabled=&#8221;off&#8221; button_one_border_color__hover_enabled=&#8221;off&#8221; button_two_border_color__hover_enabled=&#8221;off&#8221; button_border_radius__hover_enabled=&#8221;off&#8221; button_one_border_radius__hover_enabled=&#8221;off&#8221; button_two_border_radius__hover_enabled=&#8221;off&#8221; button_letter_spacing__hover_enabled=&#8221;off&#8221; button_one_letter_spacing__hover_enabled=&#8221;off&#8221; button_two_letter_spacing__hover_enabled=&#8221;off&#8221; button_bg_color__hover_enabled=&#8221;off&#8221; button_one_bg_color__hover_enabled=&#8221;off&#8221; button_two_bg_color__hover_enabled=&#8221;off&#8221;][\/et_pb_contact_field][et_pb_contact_field field_id=&#8221;email&#8221; field_title=&#8221;Tvoj email &#8221; fullwidth_field=&#8221;on&#8221; _builder_version=&#8221;4.0.7&#8243; global_colors_info=&#8221;{}&#8221; button_text_size__hover_enabled=&#8221;off&#8221; button_one_text_size__hover_enabled=&#8221;off&#8221; button_two_text_size__hover_enabled=&#8221;off&#8221; button_text_color__hover_enabled=&#8221;off&#8221; button_one_text_color__hover_enabled=&#8221;off&#8221; button_two_text_color__hover_enabled=&#8221;off&#8221; button_border_width__hover_enabled=&#8221;off&#8221; button_one_border_width__hover_enabled=&#8221;off&#8221; button_two_border_width__hover_enabled=&#8221;off&#8221; button_border_color__hover_enabled=&#8221;off&#8221; button_one_border_color__hover_enabled=&#8221;off&#8221; button_two_border_color__hover_enabled=&#8221;off&#8221; button_border_radius__hover_enabled=&#8221;off&#8221; button_one_border_radius__hover_enabled=&#8221;off&#8221; button_two_border_radius__hover_enabled=&#8221;off&#8221; button_letter_spacing__hover_enabled=&#8221;off&#8221; button_one_letter_spacing__hover_enabled=&#8221;off&#8221; button_two_letter_spacing__hover_enabled=&#8221;off&#8221; button_bg_color__hover_enabled=&#8221;off&#8221; button_one_bg_color__hover_enabled=&#8221;off&#8221; button_two_bg_color__hover_enabled=&#8221;off&#8221;][\/et_pb_contact_field][et_pb_contact_field field_id=&#8221;number&#8221; field_title=&#8221;Broj telefona&#8221; allowed_symbols=&#8221;numbers&#8221; fullwidth_field=&#8221;on&#8221; _builder_version=&#8221;4.0.7&#8243; global_colors_info=&#8221;{}&#8221; button_text_size__hover_enabled=&#8221;off&#8221; button_one_text_size__hover_enabled=&#8221;off&#8221; button_two_text_size__hover_enabled=&#8221;off&#8221; button_text_color__hover_enabled=&#8221;off&#8221; button_one_text_color__hover_enabled=&#8221;off&#8221; button_two_text_color__hover_enabled=&#8221;off&#8221; button_border_width__hover_enabled=&#8221;off&#8221; button_one_border_width__hover_enabled=&#8221;off&#8221; button_two_border_width__hover_enabled=&#8221;off&#8221; button_border_color__hover_enabled=&#8221;off&#8221; button_one_border_color__hover_enabled=&#8221;off&#8221; button_two_border_color__hover_enabled=&#8221;off&#8221; button_border_radius__hover_enabled=&#8221;off&#8221; button_one_border_radius__hover_enabled=&#8221;off&#8221; button_two_border_radius__hover_enabled=&#8221;off&#8221; button_letter_spacing__hover_enabled=&#8221;off&#8221; button_one_letter_spacing__hover_enabled=&#8221;off&#8221; button_two_letter_spacing__hover_enabled=&#8221;off&#8221; button_bg_color__hover_enabled=&#8221;off&#8221; button_one_bg_color__hover_enabled=&#8221;off&#8221; button_two_bg_color__hover_enabled=&#8221;off&#8221;][\/et_pb_contact_field][et_pb_contact_field field_id=&#8221;message&#8221; field_title=&#8221;Poruka&#8221; field_type=&#8221;text&#8221; fullwidth_field=&#8221;on&#8221; _builder_version=&#8221;4.0.7&#8243; global_colors_info=&#8221;{}&#8221;][\/et_pb_contact_field][\/et_pb_contact_form][\/et_pb_column][\/et_pb_row][\/et_pb_section]<\/p>\n","protected":false},"excerpt":{"rendered":"<p>Posjetite Zadar<div id=\"crumbs\"><a href=\"https:\/\/hotel-delfin.com.hr\/hr\/\">Home<\/a> &nbsp; &raquo; &nbsp; <span class=\"current\">Stranica<\/span><\/div>Smje\u0161ten u srcu Jadrana, Zadar je urbano sredi\u0161te sjeverne Dalmacije kao administrativno, gospodarsko, kulturno i politi\u010dko sredi\u0161te regije sa 75.000 stanovnika. Obala je posebno razvedena, otoci i netaknuta priroda mame brojne nauti\u010dare u ove krajeve. Oto\u010dje broji 24 ve\u0107a i oko 300 manjih oto\u010di\u0107a i hridi, 3 parka prirode \u2013 Tela\u0161\u0107ica, Sjeverni Velebit i [&hellip;]<\/p>\n","protected":false},"author":1,"featured_media":0,"parent":0,"menu_order":0,"comment_status":"closed","ping_status":"closed","template":"","meta":{"_et_pb_use_builder":"on","_et_pb_old_content":"","_et_gb_content_width":"","footnotes":""},"class_list":["post-242358","page","type-page","status-publish","hentry"],"acf":[],"_links":{"self":[{"href":"https:\/\/hotel-delfin.com.hr\/hr\/wp-json\/wp\/v2\/pages\/242358","targetHints":{"allow":["GET"]}}],"collection":[{"href":"https:\/\/hotel-delfin.com.hr\/hr\/wp-json\/wp\/v2\/pages"}],"about":[{"href":"https:\/\/hotel-delfin.com.hr\/hr\/wp-json\/wp\/v2\/types\/page"}],"author":[{"embeddable":true,"href":"https:\/\/hotel-delfin.com.hr\/hr\/wp-json\/wp\/v2\/users\/1"}],"replies":[{"embeddable":true,"href":"https:\/\/hotel-delfin.com.hr\/hr\/wp-json\/wp\/v2\/comments?post=242358"}],"version-history":[{"count":5,"href":"https:\/\/hotel-delfin.com.hr\/hr\/wp-json\/wp\/v2\/pages\/242358\/revisions"}],"predecessor-version":[{"id":243739,"href":"https:\/\/hotel-delfin.com.hr\/hr\/wp-json\/wp\/v2\/pages\/242358\/revisions\/243739"}],"wp:attachment":[{"href":"https:\/\/hotel-delfin.com.hr\/hr\/wp-json\/wp\/v2\/media?parent=242358"}],"curies":[{"name":"wp","href":"https:\/\/api.w.org\/{rel}","templated":true}]}}